{"id":11981,"date":"2016-07-26T09:08:39","date_gmt":"2016-07-26T09:08:39","guid":{"rendered":"http:\/\/ifa.weilhalt.de\/en\/?page_id=11981"},"modified":"2017-07-17T09:55:10","modified_gmt":"2017-07-17T09:55:10","slug":"ifa-aid-national","status":"publish","type":"page","link":"https:\/\/ifa-flugambulanz.de\/en\/ifa-aid-national\/","title":{"rendered":"IFA AID national"},"content":{"rendered":"<div class=\"fusion-fullwidth fullwidth-box fusion-builder-row-1 hundred-percent-fullwidth non-hundred-percent-height-scrolling\" style=\"--awb-border-radius-top-left:0px;--awb-border-radius-top-right:0px;--awb-border-radius-bottom-right:0px;--awb-border-radius-bottom-left:0px;--awb-overflow:visible;--awb-flex-wrap:wrap;\" ><div class=\"fusion-builder-row fusion-row\"><div class=\"fusion-layout-column fusion_builder_column fusion-builder-column-0 fusion_builder_column_1_1 1_1 fusion-one-full fusion-column-first fusion-column-last fusion-column-no-min-height\" style=\"--awb-bg-size:cover;--awb-margin-bottom:0px;\"><div class=\"fusion-column-wrapper fusion-flex-column-wrapper-legacy\"><div class=\"fusion-text fusion-text-1\"><h1>The work of Internationale Flugambulanz e.V. stretches far beyond caring for its members<\/h1>\n<\/div><div class=\"fusion-text fusion-text-2\"><p>Our association is committed to helping others, and has supported many projects over the past few years. International humanitarian aid is just as important to us as sponsoring regional associations and supporting local institutions.<\/p>\n<\/div><div class=\"fusion-text fusion-text-3\"><h1>NATIONAL PROJECTS<\/h1>\n<\/div><div class=\"fusion-text fusion-text-4\"><div class=\"mox_cms\">\n<h2>The IFA supports box &amp; run<\/h2>\n<p><img decoding=\"async\" class=\"alignleft wp-image-11864 size-medium\" src=\"https:\/\/ifa-flugambulanz.de\/wp-content\/uploads\/2016\/07\/Althof_mit_IFA_Handschuhen_u._Bernhard_Nuss-300x200.jpg\" alt=\"Althof_mit_IFA_Handschuhen_u._Bernhard_Nuss\" width=\"300\" height=\"200\" srcset=\"https:\/\/ifa-flugambulanz.de\/wp-content\/uploads\/2016\/07\/Althof_mit_IFA_Handschuhen_u._Bernhard_Nuss-200x133.jpg 200w, https:\/\/ifa-flugambulanz.de\/wp-content\/uploads\/2016\/07\/Althof_mit_IFA_Handschuhen_u._Bernhard_Nuss-300x200.jpg 300w, https:\/\/ifa-flugambulanz.de\/wp-content\/uploads\/2016\/07\/Althof_mit_IFA_Handschuhen_u._Bernhard_Nuss-400x267.jpg 400w, https:\/\/ifa-flugambulanz.de\/wp-content\/uploads\/2016\/07\/Althof_mit_IFA_Handschuhen_u._Bernhard_Nuss.jpg 600w\" sizes=\"(max-width: 300px) 100vw, 300px\" \/><\/p>\n<p>Even Nuremberg has its share of children who get off to a bad start in life. The ones who come to &#8220;box &amp; run&#8221; are lucky. &#8220;box &amp; run&#8221; is an organization that helps young people with significant potential for violence to develop character and set a positive example for the rest of society.<\/p>\n<p><img decoding=\"async\" class=\"alignright size-medium wp-image-11865\" src=\"https:\/\/ifa-flugambulanz.de\/wp-content\/uploads\/2016\/07\/IFA_Boxhandschuhe-300x180.jpg\" alt=\"IFA_Boxhandschuhe\" width=\"300\" height=\"180\" srcset=\"https:\/\/ifa-flugambulanz.de\/wp-content\/uploads\/2016\/07\/IFA_Boxhandschuhe-200x120.jpg 200w, https:\/\/ifa-flugambulanz.de\/wp-content\/uploads\/2016\/07\/IFA_Boxhandschuhe-300x180.jpg 300w, https:\/\/ifa-flugambulanz.de\/wp-content\/uploads\/2016\/07\/IFA_Boxhandschuhe-400x239.jpg 400w, https:\/\/ifa-flugambulanz.de\/wp-content\/uploads\/2016\/07\/IFA_Boxhandschuhe.jpg 600w\" sizes=\"(max-width: 300px) 100vw, 300px\" \/>Bernhard Nuss and his active team in Nuremberg have created an unprecedented pilot project for Germany. Mentor for the organization&#8217;s young athletes is none other than world-famous bodyguard Peter Althof. We at Internationalen Flugambulanz e.V. will also be lending our support. The future lies ahead &#8211; for all of us!<\/p>\n<\/div>\n<div class=\"mox_cms\"><\/div>\n<\/div><div class=\"fusion-sep-clear\"><\/div><div class=\"fusion-separator fusion-full-width-sep\" style=\"margin-left: auto;margin-right: auto;margin-bottom:16px;width:100%;\"><div class=\"fusion-separator-border sep-single sep-solid\" style=\"--awb-height:20px;--awb-amount:20px;border-color:#e0dede;border-top-width:1px;\"><\/div><\/div><div class=\"fusion-sep-clear\"><\/div><div class=\"fusion-text fusion-text-5\"><div class=\"mox_cms\">\n<h2>Hot meals<\/h2>\n<p><strong>The IFA donates regularly to &#8220;Stadtmission N\u00fcrnberg&#8221; who provide children from underprivileged families with a hot meal every day.<\/strong><\/p>\n<p>&nbsp;<\/p>\n<p>Even within Germany, there are many families and institutions who are dependent on aid<\/p>\n<\/div>\n<\/div><div class=\"fusion-sep-clear\"><\/div><div class=\"fusion-separator fusion-full-width-sep\" style=\"margin-left: auto;margin-right: auto;margin-bottom:16px;width:100%;\"><div class=\"fusion-separator-border sep-single sep-solid\" style=\"--awb-height:20px;--awb-amount:20px;border-color:#e0dede;border-top-width:1px;\"><\/div><\/div><div class=\"fusion-sep-clear\"><\/div><div class=\"fusion-text fusion-text-6\"><div class=\"mox_cms\">\n<h2>Internationale Flugambulanz e.V. donates to FFW W\u00f6lkau<\/h2>\n<p>&nbsp;<\/p>\n<p>The IFA donated <strong>furniture and technical equipment worth approximately 5,000 Euros<\/strong> to the volunteer fire brigade in W\u00f6lkau, Germany. The equipment \u2013 including desks, a copier, printer, and even a small fitted kitchen \u2013 was donated from the inventory of the former IFA air rescue center at Leipzig\/Halle airport.<\/p>\n<p>These donations from the IFA were just what the W\u00f6lkau volunteer fire brigade needed to equip their new fire station.<\/p>\n<p>The IFA was pleased to make this donation to a volunteer fire brigade, as the IFA recognizes the importance and dedication of such volunteer organizations.<\/p>\n<\/div>\n<div class=\"mox_cms\">\n<p><img decoding=\"async\" class=\"aligncenter wp-image-11866 size-full\" src=\"https:\/\/ifa-flugambulanz.de\/wp-content\/uploads\/2016\/07\/FFW_Woelkau_Spende.jpg\" alt=\"FFW_Woelkau_Spende\" width=\"537\" height=\"264\" srcset=\"https:\/\/ifa-flugambulanz.de\/wp-content\/uploads\/2016\/07\/FFW_Woelkau_Spende-200x98.jpg 200w, https:\/\/ifa-flugambulanz.de\/wp-content\/uploads\/2016\/07\/FFW_Woelkau_Spende-300x147.jpg 300w, https:\/\/ifa-flugambulanz.de\/wp-content\/uploads\/2016\/07\/FFW_Woelkau_Spende-400x197.jpg 400w, https:\/\/ifa-flugambulanz.de\/wp-content\/uploads\/2016\/07\/FFW_Woelkau_Spende.jpg 537w\" sizes=\"(max-width: 537px) 100vw, 537px\" \/><\/p>\n<\/div>\n<\/div><div class=\"fusion-sep-clear\"><\/div><div class=\"fusion-separator fusion-full-width-sep\" style=\"margin-left: auto;margin-right: auto;margin-bottom:16px;width:100%;\"><div class=\"fusion-separator-border sep-single sep-solid\" style=\"--awb-height:20px;--awb-amount:20px;border-color:#e0dede;border-top-width:1px;\"><\/div><\/div><div class=\"fusion-sep-clear\"><\/div><div class=\"fusion-text fusion-text-7\"><div class=\"mox_cms\">\n<h2><img decoding=\"async\" class=\"alignright wp-image-11867 size-medium\" src=\"https:\/\/ifa-flugambulanz.de\/wp-content\/uploads\/2016\/07\/kh_scheck_580-300x169.jpg\" alt=\"kh_scheck_580\" width=\"300\" height=\"169\" srcset=\"https:\/\/ifa-flugambulanz.de\/wp-content\/uploads\/2016\/07\/kh_scheck_580-200x113.jpg 200w, https:\/\/ifa-flugambulanz.de\/wp-content\/uploads\/2016\/07\/kh_scheck_580-300x169.jpg 300w, https:\/\/ifa-flugambulanz.de\/wp-content\/uploads\/2016\/07\/kh_scheck_580-400x226.jpg 400w, https:\/\/ifa-flugambulanz.de\/wp-content\/uploads\/2016\/07\/kh_scheck_580.jpg 580w\" sizes=\"(max-width: 300px) 100vw, 300px\" \/><\/h2>\n<h2>Donation to DJV-Landesverband Sachsen e.V.<\/h2>\n<p>Internationale Flugambulanz e.V. presented the German Journalist Association in Dresden with <strong>a donation of 1,000 Euros to support underprivileged members of the association.<\/strong> For several years, the IFA has supported people here who are in need through no fault of their own.<\/p>\n<\/div>\n<\/div><div class=\"fusion-sep-clear\"><\/div><div class=\"fusion-separator fusion-full-width-sep\" style=\"margin-left: auto;margin-right: auto;margin-top:16px;margin-bottom:16px;width:100%;\"><div class=\"fusion-separator-border sep-single sep-solid\" style=\"--awb-height:20px;--awb-amount:20px;border-color:#e0dede;border-top-width:1px;\"><\/div><\/div><div class=\"fusion-sep-clear\"><\/div><div class=\"fusion-text fusion-text-8\"><div class=\"mox_cms\">\n<h2>IFA aid in the Mosel region<\/h2>\n<p>Margret K. was overjoyed to receive a <strong>prompt donation from the IFA. <\/strong>Margret is a long-standing IFA member who, after becoming seriously ill, had to attend a specialist clinic far away from her home for an extended period of time. She faced substantial travel expenses, which were not covered by her health insurance. Margret turned to the IFA for help, and the association offered their support immediately with a donation of several hundred Euros.<\/p>\n<\/div>\n<\/div><div class=\"fusion-sep-clear\"><\/div><div class=\"fusion-separator fusion-full-width-sep\" style=\"margin-left: auto;margin-right: auto;margin-bottom:16px;width:100%;\"><div class=\"fusion-separator-border sep-single sep-solid\" style=\"--awb-height:20px;--awb-amount:20px;border-color:#e0dede;border-top-width:1px;\"><\/div><\/div><div class=\"fusion-sep-clear\"><\/div><div class=\"fusion-text fusion-text-9\"><div class=\"mox_cms\">\n<h2><strong>IFA donation to &#8220;Kinderluftbr\u00fccke e.V.&#8221; received by Witta Pohl<\/strong><\/h2>\n<p>During an exhibition to celebrate 15 years of &#8220;Kinderluftbr\u00fccke Witta Pohl e.V.&#8221; in the photogallery M\u00fchle Barby in Sch\u00f6nebeck, Saxony, <strong>Internationale Flugambulanz e.V. presented a 500 euro donation<\/strong> to the Hamburg-based association, well-known for its important aid work. Witta Pohl was available to receive the check personally.<\/p>\n<\/div>\n<div class=\"mox_cms\">\n<p><a href=\"https:\/\/ifa-flugambulanz.de\/wp-content\/uploads\/2016\/07\/kinderluftbruecke_Ansicht.jpg\" target=\"_blank\"><img decoding=\"async\" class=\"aligncenter wp-image-11868 size-large\" src=\"https:\/\/ifa-flugambulanz.de\/wp-content\/uploads\/2016\/07\/kinderluftbruecke_Ansicht-701x1024.jpg\" alt=\"kinderluftbruecke_Ansicht\" width=\"701\" height=\"1024\" srcset=\"https:\/\/ifa-flugambulanz.de\/wp-content\/uploads\/2016\/07\/kinderluftbruecke_Ansicht-200x292.jpg 200w, https:\/\/ifa-flugambulanz.de\/wp-content\/uploads\/2016\/07\/kinderluftbruecke_Ansicht-205x300.jpg 205w, https:\/\/ifa-flugambulanz.de\/wp-content\/uploads\/2016\/07\/kinderluftbruecke_Ansicht-400x584.jpg 400w, https:\/\/ifa-flugambulanz.de\/wp-content\/uploads\/2016\/07\/kinderluftbruecke_Ansicht-600x876.jpg 600w, https:\/\/ifa-flugambulanz.de\/wp-content\/uploads\/2016\/07\/kinderluftbruecke_Ansicht-701x1024.jpg 701w, https:\/\/ifa-flugambulanz.de\/wp-content\/uploads\/2016\/07\/kinderluftbruecke_Ansicht-768x1121.jpg 768w, https:\/\/ifa-flugambulanz.de\/wp-content\/uploads\/2016\/07\/kinderluftbruecke_Ansicht-800x1168.jpg 800w, https:\/\/ifa-flugambulanz.de\/wp-content\/uploads\/2016\/07\/kinderluftbruecke_Ansicht.jpg 1145w\" sizes=\"(max-width: 701px) 100vw, 701px\" \/><\/a><\/p>\n<\/div>\n<\/div><div class=\"fusion-sep-clear\"><\/div><div class=\"fusion-separator fusion-full-width-sep\" style=\"margin-left: auto;margin-right: auto;margin-bottom:16px;width:100%;\"><div class=\"fusion-separator-border sep-single sep-solid\" style=\"--awb-height:20px;--awb-amount:20px;border-color:#e0dede;border-top-width:1px;\"><\/div><\/div><div class=\"fusion-sep-clear\"><\/div><div class=\"fusion-text fusion-text-10\"><div class=\"mox_cms\">\n<h2>The IFA helped Witta Pohl&#8217;s association by airlifting little Oleg from Kiev in 1993.<\/h2>\n<\/div>\n<div class=\"mox_cms\">\n<p><img decoding=\"async\" class=\"aligncenter wp-image-11869 size-large\" src=\"https:\/\/ifa-flugambulanz.de\/wp-content\/uploads\/2016\/07\/rettungsbericht_oleg-1024x707.jpg\" alt=\"rettungsbericht_oleg\" width=\"1024\" height=\"707\" srcset=\"https:\/\/ifa-flugambulanz.de\/wp-content\/uploads\/2016\/07\/rettungsbericht_oleg-200x138.jpg 200w, https:\/\/ifa-flugambulanz.de\/wp-content\/uploads\/2016\/07\/rettungsbericht_oleg-300x207.jpg 300w, https:\/\/ifa-flugambulanz.de\/wp-content\/uploads\/2016\/07\/rettungsbericht_oleg-400x276.jpg 400w, https:\/\/ifa-flugambulanz.de\/wp-content\/uploads\/2016\/07\/rettungsbericht_oleg-600x414.jpg 600w, https:\/\/ifa-flugambulanz.de\/wp-content\/uploads\/2016\/07\/rettungsbericht_oleg-768x530.jpg 768w, https:\/\/ifa-flugambulanz.de\/wp-content\/uploads\/2016\/07\/rettungsbericht_oleg-800x552.jpg 800w, https:\/\/ifa-flugambulanz.de\/wp-content\/uploads\/2016\/07\/rettungsbericht_oleg-1024x707.jpg 1024w, https:\/\/ifa-flugambulanz.de\/wp-content\/uploads\/2016\/07\/rettungsbericht_oleg-1200x828.jpg 1200w, https:\/\/ifa-flugambulanz.de\/wp-content\/uploads\/2016\/07\/rettungsbericht_oleg.jpg 1203w\" sizes=\"(max-width: 1024px) 100vw, 1024px\" \/><\/p>\n<p><img decoding=\"async\" class=\"alignright size-full wp-image-11870\" src=\"https:\/\/ifa-flugambulanz.de\/wp-content\/uploads\/2016\/07\/oleg_280.jpg\" alt=\"oleg_280\" width=\"280\" height=\"180\" srcset=\"https:\/\/ifa-flugambulanz.de\/wp-content\/uploads\/2016\/07\/oleg_280-200x129.jpg 200w, https:\/\/ifa-flugambulanz.de\/wp-content\/uploads\/2016\/07\/oleg_280.jpg 280w\" sizes=\"(max-width: 280px) 100vw, 280px\" \/><\/p>\n<p>The infant was born with severe heart deformities. The doctors had already given up all hope. He would have died within 24 hours.<\/p>\n<p>In a dramatic air lift planned by Kinderluftbr\u00fccke e.V., the young patient was rescued overnight \u2013 despite bureaucratic complications \u2013 and flown to Kiel under the care of specialist doctors in an ambulance jet equipped with the latest medical equipment. Surgeons were able to successfully operate on him after he arrived.<\/p>\n<p><strong>Of course, the IFA paid for the airlift, which cost approximately 30,000 DM at the time.<\/strong><\/p>\n<\/div>\n<\/div><div class=\"fusion-clearfix\"><\/div><\/div><\/div><\/div><\/div>\n","protected":false},"excerpt":{"rendered":"","protected":false},"author":1,"featured_media":0,"parent":0,"menu_order":0,"comment_status":"closed","ping_status":"closed","template":"","meta":{"footnotes":""},"class_list":["post-11981","page","type-page","status-publish","hentry"],"_links":{"self":[{"href":"https:\/\/ifa-flugambulanz.de\/en\/wp-json\/wp\/v2\/pages\/11981","targetHints":{"allow":["GET"]}}],"collection":[{"href":"https:\/\/ifa-flugambulanz.de\/en\/wp-json\/wp\/v2\/pages"}],"about":[{"href":"https:\/\/ifa-flugambulanz.de\/en\/wp-json\/wp\/v2\/types\/page"}],"author":[{"embeddable":true,"href":"https:\/\/ifa-flugambulanz.de\/en\/wp-json\/wp\/v2\/users\/1"}],"replies":[{"embeddable":true,"href":"https:\/\/ifa-flugambulanz.de\/en\/wp-json\/wp\/v2\/comments?post=11981"}],"version-history":[{"count":3,"href":"https:\/\/ifa-flugambulanz.de\/en\/wp-json\/wp\/v2\/pages\/11981\/revisions"}],"predecessor-version":[{"id":12119,"href":"https:\/\/ifa-flugambulanz.de\/en\/wp-json\/wp\/v2\/pages\/11981\/revisions\/12119"}],"wp:attachment":[{"href":"https:\/\/ifa-flugambulanz.de\/en\/wp-json\/wp\/v2\/media?parent=11981"}],"curies":[{"name":"wp","href":"https:\/\/api.w.org\/{rel}","templated":true}]}}